{"id":2,"date":"2025-07-05T16:11:23","date_gmt":"2025-07-05T16:11:23","guid":{"rendered":"http:\/\/www.chateaudecombret.fr\/?page_id=2"},"modified":"2025-08-29T16:23:24","modified_gmt":"2025-08-29T14:23:24","slug":"sample-page","status":"publish","type":"page","link":"https:\/\/www.chateaudecombret.fr\/index.php\/sample-page\/","title":{"rendered":"Jean-Hilarion de VIGUIER de GRUN [1722-1809]"},"content":{"rendered":"<div class=\"wp-block-image\">\n<figure class=\"aligncenter size-full is-resized\"><img loading=\"lazy\" decoding=\"async\" width=\"640\" height=\"796\" src=\"https:\/\/www.chateaudecombret.fr\/wp-content\/uploads\/2025\/08\/IMG_1658.jpeg\" alt=\"\" class=\"wp-image-132\" style=\"width:394px;height:auto\" srcset=\"https:\/\/www.chateaudecombret.fr\/wp-content\/uploads\/2025\/08\/IMG_1658.jpeg 640w, https:\/\/www.chateaudecombret.fr\/wp-content\/uploads\/2025\/08\/IMG_1658-241x300.jpeg 241w\" sizes=\"auto, (max-width: 640px) 100vw, 640px\" \/><\/figure>\n<\/div>\n\n\n<div class=\"wp-block-group\"><div class=\"wp-block-group__inner-container is-layout-constrained wp-block-group-is-layout-constrained\">\n<div class=\"wp-block-group\"><div class=\"wp-block-group__inner-container is-layout-constrained wp-block-group-is-layout-constrained\">\n<p class=\"has-text-align-center\"><strong>Jean-Hilarion de VIGUIER de GRUN [1722-1809<\/strong>]<\/p>\n<\/div><\/div>\n<\/div><\/div>\n\n\n\n<p>Jean-Hilarion de VIGUIER est n\u00e9 le 18 ao\u00fbt 1722 au Ch\u00e2teau de Grun pr\u00e8s de Saint-Saturnin-de-Lenne <strong>sous le r\u00e8gne de Louis XV<\/strong> et a \u00e9t\u00e9 baptis\u00e9 le 22 ao\u00fbt 1722 \u00e0 La Capelle-Bonance.<\/p>\n\n\n\n<p>Il servira la Couronne jusqu&rsquo;\u00e0 l&rsquo;accession au tr\u00f4ne de Louis XVI, sollicitant alors d&rsquo;\u00eatre relev\u00e9 de sa charge de Gouverneur des Pages de la Grande Ecurie du Roi.<\/p>\n\n\n\n<p>C&rsquo;est ainsi qu&rsquo;il sert dans le r\u00e9giment de Noailles-Infanterie, qui deviendra r\u00e9giment de Saint-Chamond puis du Dauphin\u00e9, fait les campagnes de Spire et de Boh\u00eame pendant la <a href=\"https:\/\/fr.m.wikipedia.org\/wiki\/Guerre_de_Succession_d%27Autriche\"><strong><em>guerre de succession d\u2019Autriche<\/em><\/strong><\/a> et devient capitaine. Il assiste \u00e0 la bataille de Dettingen (27 juin 1743), au si\u00e8ge de Fribourg (22 septembre au 4 novembre 1744), au si\u00e8ge de Berg-op-Zoom (juillet \u00e0 septembre 1744) o\u00f9 il gagne la croix de Saint-Louis. Du 15 avril au 7 mai 1748 il prend part au <a href=\"https:\/\/fr.m.wikipedia.org\/wiki\/Si%C3%A8ge_de_Maastricht_(1748)\"><strong><em>si\u00e8ge de Maastricht<\/em><\/strong><\/a>.<br>En 1763 il est nomm\u00e9\u00a0<strong>gouverneur des pages de la Grande Ecurie du Roi<\/strong>\u00a0poste qu\u2019il occupera jusqu\u2019en 1775.<br><strong>Le 2 septembre 1779, Jean-Hilarion de VIGUIER de GRUN ach\u00e8te le ch\u00e2teau de Combret<\/strong> pour 60.000 livres lequel <strong>depuis, de g\u00e9n\u00e9ration en g\u00e9n\u00e9ration, est toujours rest\u00e9 au sein de la m\u00eame famille<\/strong>. <br>Son fils <strong>Louis-Charles-Eug\u00e8ne<\/strong> est tu\u00e9 dans l\u2019<strong><a href=\"https:\/\/fr.wikipedia.org\/wiki\/Arm%C3%A9e_des_%C3%A9migr%C3%A9s\">Arm\u00e9e des Princes<\/a><\/strong> en 1793 \u00e0 23 ans. Le ch\u00e2teau de Combret est alors vendu comme bien d\u2019\u00e9migr\u00e9s le 16 vend\u00e9miaire an II pour 11 000 livres ; la somme n\u2019ayant pas \u00e9t\u00e9 pay\u00e9e, la vente est annul\u00e9e et la propri\u00e9t\u00e9 est restitu\u00e9e \u00e0 la famille.<\/p>\n\n\n\n<p>Jean-Hilarion de VIGUIER de GRUN d\u00e9c\u00e8de en 1809 et laisse alors le Ch\u00e2teau de Combret \u00e0 sa belle-fille Victoire de BOISSI\u00c8RE, veuve de Louis-Charles-Eug\u00e8ne, et \u00e0 leur fille unique Henriette qui l\u2019apporte par mariage en 1810 \u00e0 la famille d\u2019YZARN-FREISSINET-VALADY.<\/p>\n","protected":false},"excerpt":{"rendered":"<p>Jean-Hilarion de VIGUIER de GRUN [1722-1809] Jean-Hilarion de VIGUIER est n\u00e9 le 18 ao\u00fbt 1722 au Ch\u00e2teau de Grun pr\u00e8s de Saint-Saturnin-de-Lenne sous le r\u00e8gne de Louis XV et a \u00e9t\u00e9 baptis\u00e9 le 22 ao\u00fbt 1722 \u00e0 La Capelle-Bonance. Il servira la Couronne jusqu&rsquo;\u00e0 l&rsquo;accession au tr\u00f4ne de Louis XVI, sollicitant alors d&rsquo;\u00eatre relev\u00e9 de &hellip; <\/p>\n<p class=\"link-more\"><a href=\"https:\/\/www.chateaudecombret.fr\/index.php\/sample-page\/\" class=\"more-link\">Continuer la lecture<span class=\"screen-reader-text\"> de &laquo;&nbsp;Jean-Hilarion de VIGUIER de GRUN [1722-1809]&nbsp;&raquo;<\/span><\/a><\/p>\n","protected":false},"author":1,"featured_media":0,"parent":0,"menu_order":0,"comment_status":"closed","ping_status":"open","template":"","meta":{"footnotes":""},"class_list":["post-2","page","type-page","status-publish","hentry"],"_links":{"self":[{"href":"https:\/\/www.chateaudecombret.fr\/index.php\/wp-json\/wp\/v2\/pages\/2","targetHints":{"allow":["GET"]}}],"collection":[{"href":"https:\/\/www.chateaudecombret.fr\/index.php\/wp-json\/wp\/v2\/pages"}],"about":[{"href":"https:\/\/www.chateaudecombret.fr\/index.php\/wp-json\/wp\/v2\/types\/page"}],"author":[{"embeddable":true,"href":"https:\/\/www.chateaudecombret.fr\/index.php\/wp-json\/wp\/v2\/users\/1"}],"replies":[{"embeddable":true,"href":"https:\/\/www.chateaudecombret.fr\/index.php\/wp-json\/wp\/v2\/comments?post=2"}],"version-history":[{"count":42,"href":"https:\/\/www.chateaudecombret.fr\/index.php\/wp-json\/wp\/v2\/pages\/2\/revisions"}],"predecessor-version":[{"id":541,"href":"https:\/\/www.chateaudecombret.fr\/index.php\/wp-json\/wp\/v2\/pages\/2\/revisions\/541"}],"wp:attachment":[{"href":"https:\/\/www.chateaudecombret.fr\/index.php\/wp-json\/wp\/v2\/media?parent=2"}],"curies":[{"name":"wp","href":"https:\/\/api.w.org\/{rel}","templated":true}]}}