{"id":317,"date":"2025-08-26T19:40:59","date_gmt":"2025-08-26T17:40:59","guid":{"rendered":"http:\/\/www.chateaudecombret.fr\/?page_id=317"},"modified":"2026-02-21T21:05:30","modified_gmt":"2026-02-21T19:05:30","slug":"chronologie","status":"publish","type":"page","link":"https:\/\/www.chateaudecombret.fr\/index.php\/chronologie\/","title":{"rendered":"Chronologie"},"content":{"rendered":"\n<p><strong>L\u2019origine pr\u00e9cise de la construction du Ch\u00e2teau de Combret n\u2019est pas document\u00e9e<\/strong> mais certains crit\u00e8res importants pr\u00e9valent pour expliquer la construction d\u2019un ch\u00e2teau \u00e0 cet endroit \u25b6\ufe0f Combret est b\u00e2ti <strong>en hauteur<\/strong> sur le rocher, en <strong>visibilit\u00e9 directe du <a href=\"https:\/\/www.chateaudebeaucaire.fr\/\">Ch\u00e2teau de Beaucaire<\/a><\/strong> situ\u00e9 \u00e0 1000m \u00e0 vol d&rsquo;oiseau ; les deux ch\u00e2teaux verrouillaient ainsi \u00ab\u00a0<em>les deux eaux<\/em>\u00a0\u00bb c&rsquo;est-\u00e0-dire la confluence du <strong><em>Cr\u00e9neau<\/em><\/strong> et du <strong><em>Dourdou-de-Conques<\/em><\/strong>, rivi\u00e8res propices \u00e0 la circulation des bandes arm\u00e9es. Par ailleurs de <strong>nombreuses r\u00e9surgences<\/strong> sourdent aux alentours du ch\u00e2teau comme sur l&rsquo;ensemble de la colline de Combret.<\/p>\n\n\n\n<div class=\"wp-block-group\"><div class=\"wp-block-group__inner-container is-layout-constrained wp-block-group-is-layout-constrained\">\n<p>\ud83d\udfe5 <strong>XIII<sup>\u00e8me<\/sup><\/strong> <strong>si\u00e8cle<\/strong> \/ \ud83d\udc51 5 rois sur le tr\u00f4ne de France de <strong>Philippe II Auguste<\/strong> \u00e0 <strong>Philippe IV<\/strong> <strong>Le Bel<\/strong><\/p>\n\n\n\n<p>\ud83d\uddd3\ufe0f 1289 \u25b6\ufe0f premi\u00e8re mention de Combret qui est alors une co-seigneurie aux mains de Gibelin de <strong>Panat<\/strong>, Hugues d\u2019<strong>Arjac<\/strong> et Gui de <strong>S\u00e9v\u00e9rac<\/strong><\/p>\n\n\n\n<p>\ud83c\udff0 Construction du <strong>donjon<\/strong> [<strong>25m<\/strong>], d&rsquo;une <strong>seconde tour<\/strong> [au niveau de l&rsquo;actuel escalier rampe sur rampe comme le r\u00e9v\u00e8lent les vestiges de chainage au niveau deux] am\u00e9nag\u00e9e avec notamment une grande chemin\u00e9e, subsistante, au niveau trois c&rsquo;est-\u00e0-dire dans l&rsquo;actuel comble, d&rsquo;un <strong>logis bas<\/strong> \u00e0 l&rsquo;Ouest, d&rsquo;une <strong>enceinte<\/strong> au Nord \u00e0 l&rsquo;aplomb des actuels garde-corps \u00e0 balustres. Vestiges d&rsquo;une <strong>arche romane<\/strong>\u2b50\ufe0f sur le donjon et d&rsquo;une <strong>baie g\u00e9min\u00e9e<\/strong>\u2b50\ufe0f en plein cintre sur le logis.<\/p>\n\n\n\n<figure class=\"wp-block-gallery has-nested-images columns-default is-cropped wp-block-gallery-1 is-layout-flex wp-block-gallery-is-layout-flex\">\n<figure class=\"wp-block-image size-large\"><img loading=\"lazy\" decoding=\"async\" width=\"1024\" height=\"1024\" data-id=\"378\" src=\"https:\/\/www.chateaudecombret.fr\/wp-content\/uploads\/2025\/08\/Combret_arche_romane-1-1024x1024.jpg\" alt=\"\" class=\"wp-image-378\" srcset=\"https:\/\/www.chateaudecombret.fr\/wp-content\/uploads\/2025\/08\/Combret_arche_romane-1-1024x1024.jpg 1024w, https:\/\/www.chateaudecombret.fr\/wp-content\/uploads\/2025\/08\/Combret_arche_romane-1-300x300.jpg 300w, https:\/\/www.chateaudecombret.fr\/wp-content\/uploads\/2025\/08\/Combret_arche_romane-1-150x150.jpg 150w, https:\/\/www.chateaudecombret.fr\/wp-content\/uploads\/2025\/08\/Combret_arche_romane-1-768x768.jpg 768w, https:\/\/www.chateaudecombret.fr\/wp-content\/uploads\/2025\/08\/Combret_arche_romane-1-1536x1536.jpg 1536w, https:\/\/www.chateaudecombret.fr\/wp-content\/uploads\/2025\/08\/Combret_arche_romane-1-2048x2048.jpg 2048w, https:\/\/www.chateaudecombret.fr\/wp-content\/uploads\/2025\/08\/Combret_arche_romane-1-100x100.jpg 100w\" sizes=\"auto, (max-width: 767px) 89vw, (max-width: 1000px) 54vw, (max-width: 1071px) 543px, 580px\" \/><figcaption class=\"wp-element-caption\">Vestiges d\u2019une arche romane<br>[XIII<sup>\u00e8me<\/sup>-XIV<sup>\u00e8me<\/sup>]<\/figcaption><\/figure>\n\n\n\n<figure class=\"wp-block-image size-large\"><img loading=\"lazy\" decoding=\"async\" width=\"1024\" height=\"1024\" data-id=\"381\" src=\"https:\/\/www.chateaudecombret.fr\/wp-content\/uploads\/2025\/08\/Combret_baie_geminee-1-1024x1024.jpg\" alt=\"\" class=\"wp-image-381\" srcset=\"https:\/\/www.chateaudecombret.fr\/wp-content\/uploads\/2025\/08\/Combret_baie_geminee-1-1024x1024.jpg 1024w, https:\/\/www.chateaudecombret.fr\/wp-content\/uploads\/2025\/08\/Combret_baie_geminee-1-300x300.jpg 300w, https:\/\/www.chateaudecombret.fr\/wp-content\/uploads\/2025\/08\/Combret_baie_geminee-1-150x150.jpg 150w, https:\/\/www.chateaudecombret.fr\/wp-content\/uploads\/2025\/08\/Combret_baie_geminee-1-768x768.jpg 768w, https:\/\/www.chateaudecombret.fr\/wp-content\/uploads\/2025\/08\/Combret_baie_geminee-1-1536x1536.jpg 1536w, https:\/\/www.chateaudecombret.fr\/wp-content\/uploads\/2025\/08\/Combret_baie_geminee-1-100x100.jpg 100w, https:\/\/www.chateaudecombret.fr\/wp-content\/uploads\/2025\/08\/Combret_baie_geminee-1.jpg 1702w\" sizes=\"auto, (max-width: 767px) 89vw, (max-width: 1000px) 54vw, (max-width: 1071px) 543px, 580px\" \/><figcaption class=\"wp-element-caption\">Vestiges d&rsquo;une baie g\u00e9min\u00e9e en plein cintre<br>[XIII<sup>\u00e8me<\/sup>-XIV<sup>\u00e8me<\/sup>]<\/figcaption><\/figure>\n<\/figure>\n\n\n\n<p>\ud83c\udff0 Le logis est am\u00e9nag\u00e9 avec une <strong>grande chemin\u00e9e<\/strong> dans l&rsquo;actuel Grand Salon \u25b6\ufe0f on trouve, \u00e0 environ 2m du sol, des vestiges de moulures en <em><strong>nez de cochon<\/strong><\/em> [XIII<sup>\u00e8me<\/sup> ou XIV<sup>\u00e8me<\/sup>] dans l\u2019avaloir de l\u2019actuelle chemin\u00e9e. Des <strong>\u00e9chauguettes<\/strong> sont construites avec une base en <strong><em>cul de lampe<\/em><\/strong> qui seront rapidement renforc\u00e9es par une ma\u00e7onnerie pour en assurer le sout\u00e8nement et la stabilit\u00e9. Il est probable qu\u2019ait exist\u00e9 un <strong>b\u00e2timent en fond de cour<\/strong> [ferme ?] comme une <strong>enceinte<\/strong> au Nord <em>via<\/em> laquelle se fait l&rsquo;acc\u00e8s au Ch\u00e2teau et, partant, possiblement un poste de garde sur le chemin d&rsquo;acc\u00e8s.<\/p>\n\n\n\n<p>\ud83d\udcd6 <strong>Echauguette<\/strong><em><mark style=\"background-color:rgba(0, 0, 0, 0)\" class=\"has-inline-color has-vivid-green-cyan-color\"> = dans un ch\u00e2teau fort ou une fortification, une \u00e9chauguette est une petite pi\u00e8ce carr\u00e9e, polygonale ou cylindrique, le plus souvent construite en encorbellement et dot\u00e9e de m\u00e2chicoulis et de meurtri\u00e8res, destin\u00e9e \u00e0 abriter un guetteur et \u00e0 lui permettre d&rsquo;avoir un champ de vision complet sur le secteur<\/mark><\/em><\/p>\n\n\n\n<p>\ud83c\udff0 L&rsquo;actuelle \u00e9glise du village est alors la chapelle du ch\u00e2teau<\/p>\n\n\n\n<p>\u274c Il n\u2019y a ni terrasse, ni potager, ni de d\u00e9pendance dans sa forme actuelle et la pente naturelle du terrain pr\u00e9vaut \u25b6\ufe0f c\u00f4t\u00e9 vallon la hauteur relative du donjon est donc de 30m.<\/p>\n<\/div><\/div>\n\n\n\n<p>\ud83d\udfe7 <strong>XIV<sup>\u00e8me<\/sup> si\u00e8cle<\/strong> \/ \ud83d\udc51 8 rois sur le tr\u00f4ne de France de <strong>Philippe IV<\/strong> <strong>Le Bel<\/strong> \u00e0 <strong>Charles VI<\/strong><\/p>\n\n\n\n<p>\ud83d\uddd3 D\u00e9but de la Guerre de Cent ans [1337 &gt; 1453]<\/p>\n\n\n\n<div class=\"wp-block-group\"><div class=\"wp-block-group__inner-container is-layout-constrained wp-block-group-is-layout-constrained\">\n<p>\ud83d\udfe8 <strong>XV<sup>\u00e8me<\/sup> si\u00e8cle<\/strong> \/ \ud83d\udc51 5 rois sur le tr\u00f4ne de France de <strong>Charles VI<\/strong> \u00e0 <strong>Louis XII<\/strong><\/p>\n\n\n\n<p>\ud83c\udff0 On peut affirmer que de cette p\u00e9riode date la probable \u00e9rection d&rsquo;un poste de garde sur le chemin d&rsquo;acc\u00e8s au Nord \u25b6\ufe0f on trouve en effet les vestiges [aujourd&rsquo;hui souterrains] d&rsquo;une <strong>porte XV<sup>\u00e8me<\/sup><\/strong> \u2b50\ufe0f en <strong>entr\u00e9e<\/strong> de l\u2019actuel ex-chais.<\/p>\n\n\n\n<figure class=\"wp-block-gallery has-nested-images columns-default is-cropped wp-block-gallery-2 is-layout-flex wp-block-gallery-is-layout-flex\">\n<figure class=\"wp-block-image size-large\"><img loading=\"lazy\" decoding=\"async\" width=\"864\" height=\"1024\" data-id=\"467\" src=\"https:\/\/www.chateaudecombret.fr\/wp-content\/uploads\/2025\/08\/IMG_8429-edited-1-864x1024.jpeg\" alt=\"\" class=\"wp-image-467\" srcset=\"https:\/\/www.chateaudecombret.fr\/wp-content\/uploads\/2025\/08\/IMG_8429-edited-1-864x1024.jpeg 864w, https:\/\/www.chateaudecombret.fr\/wp-content\/uploads\/2025\/08\/IMG_8429-edited-1-253x300.jpeg 253w, https:\/\/www.chateaudecombret.fr\/wp-content\/uploads\/2025\/08\/IMG_8429-edited-1-768x910.jpeg 768w, https:\/\/www.chateaudecombret.fr\/wp-content\/uploads\/2025\/08\/IMG_8429-edited-1-1296x1536.jpeg 1296w, https:\/\/www.chateaudecombret.fr\/wp-content\/uploads\/2025\/08\/IMG_8429-edited-1-1728x2048.jpeg 1728w\" sizes=\"auto, (max-width: 767px) 89vw, (max-width: 1000px) 54vw, (max-width: 1071px) 543px, 580px\" \/><figcaption class=\"wp-element-caption\">Ancienne porte d\u2019acc\u00e8s au chais [XV<sup>\u00e8me<\/sup>]<\/figcaption><\/figure>\n<\/figure>\n<\/div><\/div>\n\n\n\n<p>\ud83c\udff0 On proc\u00e8de au renforcement d\u00e9fensif lors de l\u2019av\u00e8nement des armes \u00e0 feu [au <strong>XIV<sup>\u00e8me<\/sup> si\u00e8cle<\/strong>] \u25b6\ufe0f ainsi naissent l\u2019arquebusi\u00e8re et la couleuvrini\u00e8re. On retrouve ces <em><strong>bouches \u00e0 feu<\/strong><\/em> \u2b50\ufe0f sur chacune des \u00e9chauguettes pour flanquer les murs du ch\u00e2teau.<\/p>\n\n\n\n<figure class=\"wp-block-gallery has-nested-images columns-default is-cropped wp-block-gallery-3 is-layout-flex wp-block-gallery-is-layout-flex\">\n<figure class=\"wp-block-image size-large\"><img loading=\"lazy\" decoding=\"async\" width=\"1024\" height=\"576\" data-id=\"377\" src=\"https:\/\/www.chateaudecombret.fr\/wp-content\/uploads\/2025\/08\/Combret_ME1_07_Bouches_a_feu-1024x576.jpg\" alt=\"\" class=\"wp-image-377\" srcset=\"https:\/\/www.chateaudecombret.fr\/wp-content\/uploads\/2025\/08\/Combret_ME1_07_Bouches_a_feu-1024x576.jpg 1024w, https:\/\/www.chateaudecombret.fr\/wp-content\/uploads\/2025\/08\/Combret_ME1_07_Bouches_a_feu-300x169.jpg 300w, https:\/\/www.chateaudecombret.fr\/wp-content\/uploads\/2025\/08\/Combret_ME1_07_Bouches_a_feu-768x432.jpg 768w, https:\/\/www.chateaudecombret.fr\/wp-content\/uploads\/2025\/08\/Combret_ME1_07_Bouches_a_feu-1536x864.jpg 1536w, https:\/\/www.chateaudecombret.fr\/wp-content\/uploads\/2025\/08\/Combret_ME1_07_Bouches_a_feu-2048x1152.jpg 2048w\" sizes=\"auto, (max-width: 767px) 89vw, (max-width: 1000px) 54vw, (max-width: 1071px) 543px, 580px\" \/><figcaption class=\"wp-element-caption\">Bouches \u00e0 feu sur l\u2018\u00e9chauguette Nord [XIV<sup>\u00e8me<\/sup>-XV<sup>\u00e8me<\/sup>]<\/figcaption><\/figure>\n<\/figure>\n\n\n\n<p>\ud83d\udfe9 <strong>XVI<sup>\u00e8me<\/sup> si\u00e8cle<\/strong> \/ \ud83d\udc51 7 rois sur le tr\u00f4ne de France de <strong>Louis XII<\/strong> \u00e0 <strong>Henri IV<\/strong><\/p>\n\n\n\n<p>\ud83d\uddd3 Renaissance fran\u00e7aise [1495 &gt; d\u00e9but du&nbsp;XVII<sup>\u00e8me<\/sup> si\u00e8cle)<\/p>\n\n\n\n<p>\ud83d\uddd3\ufe0f Guerres de Religion [1562-1598]<\/p>\n\n\n\n<p>\ud83d\uddd3\ufe0f 1565 Achat de Combret par <strong>Hugues de Caulet<\/strong><\/p>\n\n\n\n<p>\ud83c\udff0 Cette p\u00e9riode marque le passage formel d\u2019une b\u00e2tisse \u00e0 usage strictement militaire vers un ch\u00e2teau d\u00e9sormais d\u00e9di\u00e9 \u00e0 l\u2019apparat&nbsp;; des modifications lourdes sont r\u00e9alis\u00e9es. Les planchers c\u00e8dent la place \u00e0 des voutes en partie basse, on ouvre des <strong>crois\u00e9es<\/strong> sur le logis et des <strong>demi-crois\u00e9es<\/strong> sur le donjon, on cr\u00e9e un <strong>escalier en vis<\/strong> &#8211; ascendant dans le sens trigonom\u00e9trique donc d\u00e9pourvu d\u2019aptitude d\u00e9fensive, et on compl\u00e8te cet escalier en \u00e9rigeant une fa\u00e7ade au Sud dans l\u2019alignement de celle du donjon, elle m\u00eame perc\u00e9e de demi-crois\u00e9es \u25b6\ufe0f les crois\u00e9es et demi-crois\u00e9es les plus basses sont prot\u00e9g\u00e9es par des <strong>grilles forg\u00e9es<\/strong> telles que celle qui subsiste encore au bas du donjon.<\/p>\n\n\n\n<p>\ud83d\udcd6 <mark style=\"background-color: rgba(0, 0, 0, 0)\" class=\"has-inline-color\"><strong>Crois\u00e9e<\/strong><\/mark><mark style=\"background-color: rgba(0, 0, 0, 0);\" class=\"has-inline-color has-vivid-green-cyan-color\"><i> = fen\u00eatre comportant une croix latine form\u00e9e par une traverse et un montant (appel\u00e9 meneau)<\/i><\/mark><\/p>\n\n\n\n<figure class=\"wp-block-gallery aligncenter has-nested-images columns-default is-cropped wp-block-gallery-4 is-layout-flex wp-block-gallery-is-layout-flex\">\n<figure class=\"wp-block-image size-large\"><img loading=\"lazy\" decoding=\"async\" width=\"1024\" height=\"1024\" data-id=\"149\" src=\"https:\/\/www.chateaudecombret.fr\/wp-content\/uploads\/2025\/08\/12B471DEB796972EF045A3B66838E809-1024x1024.jpeg\" alt=\"\" class=\"wp-image-149\" srcset=\"https:\/\/www.chateaudecombret.fr\/wp-content\/uploads\/2025\/08\/12B471DEB796972EF045A3B66838E809-1024x1024.jpeg 1024w, https:\/\/www.chateaudecombret.fr\/wp-content\/uploads\/2025\/08\/12B471DEB796972EF045A3B66838E809-300x300.jpeg 300w, https:\/\/www.chateaudecombret.fr\/wp-content\/uploads\/2025\/08\/12B471DEB796972EF045A3B66838E809-150x150.jpeg 150w, https:\/\/www.chateaudecombret.fr\/wp-content\/uploads\/2025\/08\/12B471DEB796972EF045A3B66838E809-768x768.jpeg 768w, https:\/\/www.chateaudecombret.fr\/wp-content\/uploads\/2025\/08\/12B471DEB796972EF045A3B66838E809-1536x1536.jpeg 1536w, https:\/\/www.chateaudecombret.fr\/wp-content\/uploads\/2025\/08\/12B471DEB796972EF045A3B66838E809-100x100.jpeg 100w, https:\/\/www.chateaudecombret.fr\/wp-content\/uploads\/2025\/08\/12B471DEB796972EF045A3B66838E809.jpeg 2033w\" sizes=\"auto, (max-width: 767px) 89vw, (max-width: 1000px) 54vw, (max-width: 1071px) 543px, 580px\" \/><figcaption class=\"wp-element-caption\">Crois\u00e9e du Grand Salon [XVI<sup>\u00e8me<\/sup>-R\u00e9nov\u00e9e]<\/figcaption><\/figure>\n\n\n\n<figure class=\"wp-block-image size-large\"><img loading=\"lazy\" decoding=\"async\" width=\"1024\" height=\"1024\" data-id=\"397\" src=\"https:\/\/www.chateaudecombret.fr\/wp-content\/uploads\/2025\/08\/BF361DC45C49747EA9B77DEDA69B8C3E-1024x1024.jpeg\" alt=\"\" class=\"wp-image-397\" srcset=\"https:\/\/www.chateaudecombret.fr\/wp-content\/uploads\/2025\/08\/BF361DC45C49747EA9B77DEDA69B8C3E-1024x1024.jpeg 1024w, https:\/\/www.chateaudecombret.fr\/wp-content\/uploads\/2025\/08\/BF361DC45C49747EA9B77DEDA69B8C3E-300x300.jpeg 300w, https:\/\/www.chateaudecombret.fr\/wp-content\/uploads\/2025\/08\/BF361DC45C49747EA9B77DEDA69B8C3E-150x150.jpeg 150w, https:\/\/www.chateaudecombret.fr\/wp-content\/uploads\/2025\/08\/BF361DC45C49747EA9B77DEDA69B8C3E-768x768.jpeg 768w, https:\/\/www.chateaudecombret.fr\/wp-content\/uploads\/2025\/08\/BF361DC45C49747EA9B77DEDA69B8C3E-1536x1536.jpeg 1536w, https:\/\/www.chateaudecombret.fr\/wp-content\/uploads\/2025\/08\/BF361DC45C49747EA9B77DEDA69B8C3E-2048x2048.jpeg 2048w, https:\/\/www.chateaudecombret.fr\/wp-content\/uploads\/2025\/08\/BF361DC45C49747EA9B77DEDA69B8C3E-100x100.jpeg 100w\" sizes=\"auto, (max-width: 767px) 89vw, (max-width: 1000px) 54vw, (max-width: 1071px) 543px, 580px\" \/><figcaption class=\"wp-element-caption\">Crois\u00e9e du Grand Salon [XVI<sup>\u00e8me<\/sup>-R\u00e9nov\u00e9e]<\/figcaption><\/figure>\n<\/figure>\n\n\n\n<p><br>\ud83d\udfe6 <strong>XVII<sup>\u00e8me<\/sup> si\u00e8cle<\/strong> \/ \ud83d\udc51 3 rois sur le tr\u00f4ne de France de <strong>Henri<\/strong> <strong>IV<\/strong> \u00e0 <strong>Louis XIV<\/strong><\/p>\n\n\n\n<p>\ud83d\uddd3\ufe0f 1611 <strong>Hugues II de Caulet<\/strong> h\u00e9rite de Combret mais vers 1620, ruin\u00e9, ses biens sont saisis<\/p>\n\n\n\n<p>\ud83d\uddd3\ufe0f 1641 <strong>Jean de Tullier<\/strong>, bailli de Rodez et tr\u00e9sorier g\u00e9n\u00e9ral des finances de Montauban et son \u00e9pouse Madeleine de Maynard, ach\u00e8tent Combret<\/p>\n\n\n\n<p>\ud83c\udff0 Ils poursuivent l\u2019embellissement du ch\u00e2teau ; ils d\u00e9construisent l&rsquo;enceinte au Nord, puis am\u00e9nagent une terrasse avec <strong>garde-corps \u00e0 balustres<\/strong>\u2b50\ufe0f et remblaient le terrain pour cr\u00e9er un jardin \u25b6\ufe0f les armoiries de Jean de Tullier et de Madeleine de Maynard figurent sur les pilastres de part et d\u2019autre de l\u2019escalier donnant acc\u00e8s au jardin. On remarque \u00e0 nouveau dans le mur droit de l&rsquo;a\u00e9ration Ouest des caves, sous la terrasse, les vestiges de moulures en <em><strong>nez de cochon<\/strong><\/em> [XIII<sup>\u00e8me<\/sup> ou XIV<sup>\u00e8me<\/sup>] provenant d&rsquo;une ancienne chemin\u00e9e.<\/p>\n\n\n\n<figure class=\"wp-block-gallery has-nested-images columns-default is-cropped wp-block-gallery-5 is-layout-flex wp-block-gallery-is-layout-flex\">\n<figure class=\"wp-block-image size-large\"><img loading=\"lazy\" decoding=\"async\" width=\"1024\" height=\"576\" data-id=\"386\" src=\"https:\/\/www.chateaudecombret.fr\/wp-content\/uploads\/2025\/08\/Combret_ppt_25_2_Terrasse_Nord_2004_DSCN1809-edited-1024x576.jpg\" alt=\"\" class=\"wp-image-386\" srcset=\"https:\/\/www.chateaudecombret.fr\/wp-content\/uploads\/2025\/08\/Combret_ppt_25_2_Terrasse_Nord_2004_DSCN1809-edited-1024x576.jpg 1024w, https:\/\/www.chateaudecombret.fr\/wp-content\/uploads\/2025\/08\/Combret_ppt_25_2_Terrasse_Nord_2004_DSCN1809-edited-300x169.jpg 300w, https:\/\/www.chateaudecombret.fr\/wp-content\/uploads\/2025\/08\/Combret_ppt_25_2_Terrasse_Nord_2004_DSCN1809-edited-768x432.jpg 768w, https:\/\/www.chateaudecombret.fr\/wp-content\/uploads\/2025\/08\/Combret_ppt_25_2_Terrasse_Nord_2004_DSCN1809-edited.jpg 1280w\" sizes=\"auto, (max-width: 767px) 89vw, (max-width: 1000px) 54vw, (max-width: 1071px) 543px, 580px\" \/><figcaption class=\"wp-element-caption\">Garde-corps \u00e0 balustres [XVII<sup>\u00e8me<\/sup>]<\/figcaption><\/figure>\n<\/figure>\n\n\n\n<p>\ud83c\udff0 C\u2019est probablement de mani\u00e8re concomitante qu\u2019est r\u00e9alis\u00e9 l\u2019agrandissement du poste de garde pour cr\u00e9er l&rsquo;actuelle <strong>d\u00e9pendance<\/strong> \u2b50\ufe0f [cave vout\u00e9e, \u00e9curie, sellerie, feni\u00e8re]. Il en r\u00e9sulte l\u2019enfouissement d&rsquo;une pi\u00e8ce pr\u00e9alablement ouverte [porte XV<sup>\u00e8me<\/sup>]. On note la pr\u00e9sence d\u2019un <strong>puit<\/strong> dans la salle vout\u00e9e et d\u2019une <strong>capali\u00e8re<\/strong> devant la porte de la cave.<\/p>\n\n\n\n<figure class=\"wp-block-gallery has-nested-images columns-default is-cropped wp-block-gallery-6 is-layout-flex wp-block-gallery-is-layout-flex\">\n<figure class=\"wp-block-image size-large\"><img loading=\"lazy\" decoding=\"async\" width=\"1024\" height=\"768\" data-id=\"480\" src=\"https:\/\/www.chateaudecombret.fr\/wp-content\/uploads\/2025\/08\/Combret_garage_IMG_8034-1024x768.jpeg\" alt=\"\" class=\"wp-image-480\" srcset=\"https:\/\/www.chateaudecombret.fr\/wp-content\/uploads\/2025\/08\/Combret_garage_IMG_8034-1024x768.jpeg 1024w, https:\/\/www.chateaudecombret.fr\/wp-content\/uploads\/2025\/08\/Combret_garage_IMG_8034-300x225.jpeg 300w, https:\/\/www.chateaudecombret.fr\/wp-content\/uploads\/2025\/08\/Combret_garage_IMG_8034-768x576.jpeg 768w, https:\/\/www.chateaudecombret.fr\/wp-content\/uploads\/2025\/08\/Combret_garage_IMG_8034-1536x1152.jpeg 1536w, https:\/\/www.chateaudecombret.fr\/wp-content\/uploads\/2025\/08\/Combret_garage_IMG_8034-2048x1536.jpeg 2048w\" sizes=\"auto, (max-width: 767px) 89vw, (max-width: 1000px) 54vw, (max-width: 1071px) 543px, 580px\" \/><figcaption class=\"wp-element-caption\">D\u00e9pendance [XVII<sup>\u00e8me<\/sup>]<\/figcaption><\/figure>\n<\/figure>\n\n\n\n<p>\ud83c\udff0 A l&rsquo;int\u00e9rieur du ch\u00e2teau des modifications sont possiblement apport\u00e9es \u00e0 la \u00ab\u00a0seconde tour\u00a0\u00bb sans que l&rsquo;on puisse formellement en caract\u00e9riser l&rsquo;ampleur ni la date exacte ; factuellement les marches de l&rsquo;<strong>escalier rampe sur rampe<\/strong> \u2b50\ufe0f comportent des traces de <strong>taillant<\/strong> en partie inf\u00e9rieure &#8211; outil utilis\u00e9 au XVII<sup>\u00e8me<\/sup> si\u00e8cle &#8211; mais certaines sont \u00e9galement <strong>bouchard\u00e9es<\/strong> donc retravaill\u00e9es en seconde moiti\u00e9 du XIX<sup>\u00e8me <\/sup>si\u00e8cle. L&rsquo;interrogation peut demeurer quant \u00e0 savoir si ces marches ont \u00e9t\u00e9 mises en place au XVII<sup>\u00e8me<\/sup> [hypoth\u00e8se la plus probable] ou s&rsquo;il s&rsquo;agit d&rsquo;un r\u00e9emploi au XIX<sup>\u00e8me<\/sup> \u00e0 partir d&rsquo;\u00e9l\u00e9ments pr\u00e9lev\u00e9s ailleurs.<\/p>\n\n\n\n<p>\ud83d\udcd6 <strong>Taillant<\/strong><em><mark style=\"background-color:rgba(0, 0, 0, 0)\" class=\"has-inline-color has-vivid-green-cyan-color\"> = outil \u00e0 percussion du tailleur de pierre. C&rsquo;est une sorte de hache \u00e0 percussion directe sur la pierre constitu\u00e9 de deux tranchants droits et parall\u00e8les au manche. Il est aussi appel\u00e9 \u00ab marteau taillant \u00bb ou \u00ab laie \u00bb (\u00ab laye \u00bb)<\/mark><\/em><\/p>\n\n\n\n<p>\ud83d\udcd6 <strong>Boucharde<\/strong> = <em><mark style=\"background-color:rgba(0, 0, 0, 0)\" class=\"has-inline-color has-vivid-green-cyan-color\">marteau \u00e0 t\u00eate d\u00e9coup\u00e9e en \u00ab&nbsp;pointe-de-diamant&nbsp;\u00bb avec lequel le tailleur de pierre ach\u00e8ve de tailler les pierres dures d\u00e9grossies au ciseau<\/mark><\/em><\/p>\n\n\n\n<figure class=\"wp-block-gallery has-nested-images columns-default is-cropped wp-block-gallery-7 is-layout-flex wp-block-gallery-is-layout-flex\">\n<figure class=\"wp-block-image size-large\"><img loading=\"lazy\" decoding=\"async\" width=\"768\" height=\"1024\" data-id=\"513\" src=\"https:\/\/www.chateaudecombret.fr\/wp-content\/uploads\/2025\/08\/Combret_Escalier_IMG_8560-768x1024.jpeg\" alt=\"\" class=\"wp-image-513\" srcset=\"https:\/\/www.chateaudecombret.fr\/wp-content\/uploads\/2025\/08\/Combret_Escalier_IMG_8560-768x1024.jpeg 768w, https:\/\/www.chateaudecombret.fr\/wp-content\/uploads\/2025\/08\/Combret_Escalier_IMG_8560-225x300.jpeg 225w, https:\/\/www.chateaudecombret.fr\/wp-content\/uploads\/2025\/08\/Combret_Escalier_IMG_8560-1152x1536.jpeg 1152w, https:\/\/www.chateaudecombret.fr\/wp-content\/uploads\/2025\/08\/Combret_Escalier_IMG_8560-1536x2048.jpeg 1536w, https:\/\/www.chateaudecombret.fr\/wp-content\/uploads\/2025\/08\/Combret_Escalier_IMG_8560-scaled.jpeg 1920w\" sizes=\"auto, (max-width: 767px) 89vw, (max-width: 1000px) 54vw, (max-width: 1071px) 543px, 580px\" \/><figcaption class=\"wp-element-caption\">Escalier rampe sur rampe (XVII<sup>\u00e8me<\/sup>)<\/figcaption><\/figure>\n<\/figure>\n\n\n\n<p>\ud83d\udfea <strong>XVIII<sup>\u00e8me<\/sup> si\u00e8cle<\/strong> \/ \ud83d\udc51 3 rois sur le tr\u00f4ne de France de <strong>Louis XIV<\/strong> \u00e0 <strong>Louis XVI<\/strong> puis R\u00e9volution et R\u00e9publique<\/p>\n\n\n\n<p>\ud83d\uddd3\ufe0f 1757 ou 1758 <strong>Bernard de Coignac<\/strong> [1717- \u2026] acquiert Combret<\/p>\n\n\n\n<p>\ud83d\uddd3\ufe0f 1779 <strong><a href=\"https:\/\/www.chateaudecombret.fr\/index.php\/sample-page\/\" data-type=\"page\" data-id=\"2\">Jean-Hilarion de Viguier de Grun<\/a><\/strong> [1722-1809], Gouverneur des Pages \u00e0 la Grande \u00c9curie du Roi [1763-1775], s\u2019en rend propri\u00e9taire.<\/p>\n\n\n\n<p>\ud83c\udff0 La chronologie exacte des constructions\/ modifications r\u00e9alis\u00e9es sur le ch\u00e2teau durant ce XVIII<sup>\u00e8me<\/sup> si\u00e8cle est incertaine mais la \u00ab&nbsp;lecture&nbsp;\u00bb des pierres de la fa\u00e7ade int\u00e9rieure [c\u00f4t\u00e9 \u00ab&nbsp;cour d\u2019honneur&nbsp;\u00bb] donne quelques d\u00e9tails qui peuvent orienter l\u2019analyse :<\/p>\n\n\n\n<p>1\ufe0f\u20e3 On peut noter que les fen\u00eatres du deuxi\u00e8me \u00e9tage disposent de <strong>feuillures<\/strong> mais ne sont pas <strong>bouchard\u00e9es<\/strong> ; on peut ainsi considerer que ces ouvertures ont \u00e9t\u00e9 pratiqu\u00e9es \u00e0 partir du XVIII<sup>\u00e8me<\/sup> si\u00e8cle [apparition des feuillures] mais avant le milieu du XIX<sup>\u00e8me<\/sup> si\u00e8cle [apparition de la boucharde].<\/p>\n\n\n\n<p>\ud83d\udcd6 <strong>Feuillure<\/strong> = <em><mark style=\"background-color:rgba(0, 0, 0, 0)\" class=\"has-inline-color has-vivid-green-cyan-color\">entaille pratiqu\u00e9e le plus ordinairement \u00e0 moiti\u00e9 de l&rsquo;\u00e9paisseur d&rsquo;un dormant de fen\u00eatre ou d&rsquo;une dalle, destin\u00e9e \u00e0 recevoir une partie de menuiserie mobile ou fixe, un vitrage ou un platelage<\/mark><\/em><\/p>\n\n\n\n<p>2\ufe0f\u20e3 Les meneaux et traverses des crois\u00e9es de l\u2019ancien salon [aile Sud] et de l\u2019actuel [aile Nord] sont bouchard\u00e9es indiquant ainsi qu\u2019elles ont \u00e9t\u00e9 [r\u00e9]install\u00e9es dans la seconde moiti\u00e9 du XIX<sup>\u00e8me<\/sup> si\u00e8cle p\u00e9riode \u00e0 laquelle cet outil s\u2019est r\u00e9pandu.<\/p>\n\n\n\n<p>3\ufe0f\u20e3 Les appuis, jambages, et linteaux de ces m\u00eames crois\u00e9es ont \u00e9t\u00e9 buch\u00e9s [avant restauration] afin que ne subsiste aucune moulure hors du strict plan des fa\u00e7ades.<\/p>\n\n\n\n<p>\u27a1\ufe0f On a ici de mani\u00e8re quasi certaine la trace des modifications apport\u00e9es \u00e0 partir de 1798 dans nombre de maisons et <em>a fortiori<\/em> de ch\u00e2teaux pour \u00e9viter ou \u00e0 tout le moins amoindrir l\u2019imp\u00f4t \u00ab&nbsp;<em>sur les fen\u00eatres<\/em>&nbsp;\u00bb d\u00e9cid\u00e9 alors par le Directoire [<a href=\"https:\/\/fr.wikipedia.org\/wiki\/Imp%C3%B4t_sur_les_portes_et_fen%C3%AAtres?wprov=sfti1\">loi du 4 Frimaire an VII<\/a>] qui a conduit \u00e0 obstruer de nombreuses fen\u00eatres \u25b6\ufe0f ici probablement avec des volets.<\/p>\n\n\n\n<p>\ud83c\udff0 De mani\u00e8re empirique on peut faire l\u2019hypoth\u00e8se que c\u2019est sur cette m\u00eame p\u00e9riode que le logis a \u00e9t\u00e9 sur\u00e9lev\u00e9 \u00e0 son niveau actuel et que la seconde tour a \u00e9t\u00e9 aras\u00e9e \u25b6\ufe0f marques de \u00ab&nbsp;<em>coups de sabre<\/em>&nbsp;\u00bb de part et d\u2019autre du grand escalier et trace visible d\u2019une <strong><em>cha\u00eene d\u2019angle<\/em><\/strong> ancienne. Par voie de cons\u00e9quence, la toiture a probablement \u00e9t\u00e9 cr\u00e9\u00e9e \u00e0 cette m\u00eame \u00e9poque dans la configuration actuelle.<\/p>\n\n\n\n<p>La chronologie la plus probable semble donc \u00eatre la suivante :<\/p>\n\n\n\n<p>&#8211; Arasement de la seconde tour<\/p>\n\n\n\n<p>&#8211; Sur\u00e9l\u00e9vation du corps de logis au m\u00eame niveau<\/p>\n\n\n\n<p>&#8211; Ouverture des fen\u00eatres du deuxi\u00e8me \u00e9tage<\/p>\n\n\n\n<p>&#8211; Et, \u00e0 la R\u00e9volution, b\u00fbchage des appuis, jambages et linteaux, retrait des meneaux et traverses, retrait des grilles lorsqu&rsquo;elles existent, mise en place de volets ext\u00e9rieurs <\/p>\n\n\n\n<p>\ud83d\udfeb <strong>XIX<sup>\u00e8me<\/sup> si\u00e8cle<\/strong><\/p>\n\n\n\n<p>\ud83c\udff0 Combret est vendu comme bien d\u2019\u00e9migr\u00e9s le 16 vend\u00e9miaire an II [7 octobre 1793] pour 11 000 livres apr\u00e8s que <strong>Louis-Charles-Eug\u00e8ne de VIGUIER de GRUN<\/strong>, fils de <strong>Jean-Hilarion<\/strong>, a \u00e9t\u00e9 tu\u00e9 dans l&rsquo;<a href=\"https:\/\/fr.wikipedia.org\/wiki\/Arm%C3%A9e_des_%C3%A9migr%C3%A9s\"><strong>Arm\u00e9e des Princes<\/strong><\/a> ; la somme n\u2019ayant pas \u00e9t\u00e9 pay\u00e9e, la vente est annul\u00e9e et la propri\u00e9t\u00e9 est restitu\u00e9e \u00e0 la famille.<\/p>\n\n\n\n<p>\ud83c\udff0 <strong>Victoire de BOISSI\u00c8RE<\/strong> [1775-1846], mari\u00e9e \u00e0 15 ans en plein tumulte r\u00e9volutionnaire, m\u00e8re \u00e0 16 ans, veuve \u00e0 18 et sa fille <strong>Henriette de VIGUIER de GRUN<\/strong> [1791-1881], fille de <strong>Louis-Charles-Eug\u00e8ne<\/strong> vont \u00eatre les artisanes du d\u00e9veloppement de Combret. En sus des activit\u00e9s agricoles pr\u00e9existantes, Victoire et Henriette profitent de l\u2019int\u00e9r\u00eat pour la soie, plantent des m\u00fbriers et font construire une <strong>magnanerie<\/strong> \u2b50\ufe0f ; cette activit\u00e9 sera n\u00e9anmoins rapidement abandonn\u00e9e comme dans de nombreuses exploitations &#8211; notamment dans les C\u00e9vennes &#8211; apr\u00e8s l\u2019apparition de maladies et l&rsquo;effondrement de rentabilit\u00e9 de l&rsquo;activit\u00e9.<\/p>\n\n\n\n<p>\ud83d\udcd6 <strong>Magnanerie<\/strong> = <em><mark style=\"background-color:rgba(0, 0, 0, 0)\" class=\"has-inline-color has-vivid-green-cyan-color\">lieu d&rsquo;exploitation de s\u00e9riciculture traditionnelle, c&rsquo;est-\u00e0-dire l&rsquo;\u00e9levage du ver \u00e0 soie<\/mark><\/em><mark style=\"background-color:rgba(0, 0, 0, 0)\" class=\"has-inline-color has-vivid-green-cyan-color\"> <em>(de l&rsquo;occitan magnan, qui d\u00e9signe le ver \u00e0 soie du bombyx du m\u00fbrier)<\/em><\/mark><\/p>\n\n\n\n<figure class=\"wp-block-gallery has-nested-images columns-default is-cropped wp-block-gallery-8 is-layout-flex wp-block-gallery-is-layout-flex\">\n<figure class=\"wp-block-image size-large\"><img loading=\"lazy\" decoding=\"async\" width=\"1024\" height=\"768\" data-id=\"407\" src=\"https:\/\/www.chateaudecombret.fr\/wp-content\/uploads\/2025\/08\/IMG_8434-1024x768.jpeg\" alt=\"\" class=\"wp-image-407\" srcset=\"https:\/\/www.chateaudecombret.fr\/wp-content\/uploads\/2025\/08\/IMG_8434-1024x768.jpeg 1024w, https:\/\/www.chateaudecombret.fr\/wp-content\/uploads\/2025\/08\/IMG_8434-300x225.jpeg 300w, https:\/\/www.chateaudecombret.fr\/wp-content\/uploads\/2025\/08\/IMG_8434-768x576.jpeg 768w, https:\/\/www.chateaudecombret.fr\/wp-content\/uploads\/2025\/08\/IMG_8434-1536x1152.jpeg 1536w, https:\/\/www.chateaudecombret.fr\/wp-content\/uploads\/2025\/08\/IMG_8434-2048x1536.jpeg 2048w\" sizes=\"auto, (max-width: 767px) 89vw, (max-width: 1000px) 54vw, (max-width: 1071px) 543px, 580px\" \/><figcaption class=\"wp-element-caption\">Ancienne magnanerie devant le ch\u00e2teau [XIX<sup>\u00e8me<\/sup>]<\/figcaption><\/figure>\n<\/figure>\n\n\n\n<p>\ud83d\uddd3\ufe0f 1810 <strong>Henriette de VIGUIER de GRUN<\/strong> unique h\u00e9riti\u00e8re du Ch\u00e2teau de Combret l\u2019apporte par mariage en 1810 \u00e0 la famille d\u2019YZARN-FREISSINET-VALADY.<\/p>\n\n\n\n<p>\ud83d\uddd3 1860 <strong>Ildefonse d&rsquo;YZARN de FREISSINET de VALADY<\/strong> [1828-1876] et son \u00e9pouse <strong>Jeanne de BONY de LAVERGNE<\/strong> [1843-1870] vont faire r\u00e9hausser les \u00e9chauguettes qui \u00e9taient jusqu&rsquo;alors couvertes par un petit toit dans le prolongement de la toiture principale comme en atteste un <strong>dessin de Jeanne de BONY<\/strong> \u2b50\ufe0f r\u00e9alis\u00e9 probablement vers 1863.<\/p>\n\n\n\n<figure class=\"wp-block-gallery has-nested-images columns-default is-cropped wp-block-gallery-9 is-layout-flex wp-block-gallery-is-layout-flex\">\n<figure class=\"wp-block-image size-large\"><img loading=\"lazy\" decoding=\"async\" width=\"1024\" height=\"685\" data-id=\"518\" src=\"https:\/\/www.chateaudecombret.fr\/wp-content\/uploads\/2025\/08\/Combret_vers_1863_Jeanne_de_Bony_1-1024x685.jpeg\" alt=\"\" class=\"wp-image-518\" srcset=\"https:\/\/www.chateaudecombret.fr\/wp-content\/uploads\/2025\/08\/Combret_vers_1863_Jeanne_de_Bony_1-1024x685.jpeg 1024w, https:\/\/www.chateaudecombret.fr\/wp-content\/uploads\/2025\/08\/Combret_vers_1863_Jeanne_de_Bony_1-300x201.jpeg 300w, https:\/\/www.chateaudecombret.fr\/wp-content\/uploads\/2025\/08\/Combret_vers_1863_Jeanne_de_Bony_1-768x514.jpeg 768w, https:\/\/www.chateaudecombret.fr\/wp-content\/uploads\/2025\/08\/Combret_vers_1863_Jeanne_de_Bony_1-1536x1028.jpeg 1536w, https:\/\/www.chateaudecombret.fr\/wp-content\/uploads\/2025\/08\/Combret_vers_1863_Jeanne_de_Bony_1-2048x1371.jpeg 2048w\" sizes=\"auto, (max-width: 767px) 89vw, (max-width: 1000px) 54vw, (max-width: 1071px) 543px, 580px\" \/><figcaption class=\"wp-element-caption\">Echauguettes avant r\u00e9hausse [1863 &#8211; Jeanne de Bony]<\/figcaption><\/figure>\n<\/figure>\n\n\n\n<p>\ud83d\uddd3\ufe0f 1889 <a href=\"https:\/\/www.chateaudecombret.fr\/index.php\/christian-dyzarn-freisseinet-1868-1935\/\" data-type=\"page\" data-id=\"250\"><strong>Christian d\u2019YZARN de FREISSINET de VALADY<\/strong><\/a> [1868-1935], orphelin de p\u00e8re et m\u00e8re \u00e0 8 ans, h\u00e9rite du ch\u00e2teau de sa grand-m\u00e8re <strong>Henriette de VIGUIER de GRUN<\/strong> \u00e0 13 ans  en 1881 et, \u00e0 sa majorit\u00e9 en 1889, restructure l\u2019organisation interne de la maison \u25b6\ufe0f la salle est install\u00e9e au niveau bas en lieu et place du chais, d\u00e9plac\u00e9 sous la d\u00e9pendance, et deux salons sont install\u00e9s dans l\u2019aile Nord en lieu et place de la salle et de l\u2019ex-chambre de ladite grand-m\u00e8re. L\u2019aile Sud est transform\u00e9e pour cr\u00e9er deux chambres dont l\u2019une, sourde, n\u00e9cessite l\u2019ouverture d\u2019une fen\u00eatre \u25b6\ufe0f une demi crois\u00e9e est cr\u00e9\u00e9e et, par sym\u00e9trie, une seconde dans le grand salon.<\/p>\n\n\n\n<p>L&rsquo;escalier en vis est modifi\u00e9 \u25b6\ufe0f le mur Sud de la \u00ab\u00a0cage\u00a0\u00bb d&rsquo;escalier ainsi que la vis elle-m\u00eame sont supprim\u00e9es sur plus d&rsquo;un niveau pour laisser place \u00e0 un escalier en bois probablement jug\u00e9 plus \u00e9l\u00e9gant ; les charges du mur et de la vis sont reprises respectivement par deux arcs mais ces modifications ont induit un tassement de la vis et un d\u00e9saxage complet de l&rsquo;escalier en partie sup\u00e9rieure [<em>marches 65 \u00e0 97<\/em>] . <strong>Le traitement des d\u00e9sordres induits par cette modification majeure est au coeur du programme de restauration initi\u00e9 en 2024<\/strong>. Une surveillance par <a href=\"https:\/\/www.saugnac-jauges.fr\/produit\/jauge-r1-fissurometre-connecte\/?gad_source=1&amp;gad_campaignid=186881412&amp;gbraid=0AAAAAD9rGdC4cXFnOBA2mgTJqKUQT-6XC&amp;gclid=EAIaIQobChMI8Ly13IytjwMVQqX9BR0D-QkaEAAYASAAEgLeAPD_BwE\">jauges SAUGNAC connect\u00e9es<\/a> a \u00e9t\u00e9 mise en place en 2025.<\/p>\n\n\n\n<p>L\u2019escalier rampe sur rampe est enduit et agr\u00e9ment\u00e9 des chiffres \u00ab&nbsp;Y&nbsp;\u00bb et \u00ab&nbsp;F&nbsp;\u00bb, initiales respectives de <strong>Christian d\u2019YZARN-FREISSINET<\/strong> et de son \u00e9pouse <strong>Eug\u00e9nie de FOUCAUD et d\u2019AURE<\/strong>, et les crois\u00e9es sont orn\u00e9es de <a href=\"https:\/\/www.chateaudecombret.fr\/index.php\/vitraux\/\" data-type=\"page\" data-id=\"210\">vitraux<\/a> aux armes des deux familles et des familles alli\u00e9es.<\/p>\n\n\n\n<figure class=\"wp-block-gallery has-nested-images columns-default is-cropped wp-block-gallery-10 is-layout-flex wp-block-gallery-is-layout-flex\">\n<figure class=\"wp-block-image size-large\"><img loading=\"lazy\" decoding=\"async\" width=\"1024\" height=\"768\" data-id=\"447\" src=\"https:\/\/www.chateaudecombret.fr\/wp-content\/uploads\/2025\/08\/IMG_8550-1024x768.jpeg\" alt=\"\" class=\"wp-image-447\" srcset=\"https:\/\/www.chateaudecombret.fr\/wp-content\/uploads\/2025\/08\/IMG_8550-1024x768.jpeg 1024w, https:\/\/www.chateaudecombret.fr\/wp-content\/uploads\/2025\/08\/IMG_8550-300x225.jpeg 300w, https:\/\/www.chateaudecombret.fr\/wp-content\/uploads\/2025\/08\/IMG_8550-768x576.jpeg 768w, https:\/\/www.chateaudecombret.fr\/wp-content\/uploads\/2025\/08\/IMG_8550-1536x1152.jpeg 1536w, https:\/\/www.chateaudecombret.fr\/wp-content\/uploads\/2025\/08\/IMG_8550-2048x1536.jpeg 2048w\" sizes=\"auto, (max-width: 767px) 89vw, (max-width: 1000px) 54vw, (max-width: 1071px) 543px, 580px\" \/><figcaption class=\"wp-element-caption\">Escalier agr\u00e9ment\u00e9 des chiffres \u00ab&nbsp;Y&nbsp;\u00bb et \u00ab&nbsp;F&nbsp;\u00bb [1892]<br>Initiales de <strong>Christian d\u2019YZARN-FREISSINET<\/strong> et de son \u00e9pouse <strong>Eug\u00e9nie de FOUCAUD et d\u2019AURE<\/strong><\/figcaption><\/figure>\n<\/figure>\n\n\n\n<p>Combret est alors dans l\u2019\u00e9tat \u00ab&nbsp;<em>d\u00e9finitif<\/em>&nbsp;\u00bb qui pr\u00e9vaut encore aujourd\u2019hui.<\/p>\n\n\n\n<p><strong>Le ch\u00e2teau a \u00e9t\u00e9 inscrit aux Monuments historiques le 14 d\u00e9cembre 2021.<\/strong><\/p>\n\n\n<div class=\"wp-block-image\">\n<figure class=\"aligncenter size-large\"><a href=\"https:\/\/pop.culture.gouv.fr\/notice\/merimee\/PA12000078\" target=\"_blank\" rel=\" noreferrer noopener\"><img loading=\"lazy\" decoding=\"async\" width=\"1024\" height=\"203\" src=\"https:\/\/www.chateaudecombret.fr\/wp-content\/uploads\/2026\/02\/bandeau_logo_MH-1024x203.jpg\" alt=\"\" class=\"wp-image-612\" srcset=\"https:\/\/www.chateaudecombret.fr\/wp-content\/uploads\/2026\/02\/bandeau_logo_MH-1024x203.jpg 1024w, https:\/\/www.chateaudecombret.fr\/wp-content\/uploads\/2026\/02\/bandeau_logo_MH-300x59.jpg 300w, https:\/\/www.chateaudecombret.fr\/wp-content\/uploads\/2026\/02\/bandeau_logo_MH-768x152.jpg 768w, https:\/\/www.chateaudecombret.fr\/wp-content\/uploads\/2026\/02\/bandeau_logo_MH-1536x305.jpg 1536w, https:\/\/www.chateaudecombret.fr\/wp-content\/uploads\/2026\/02\/bandeau_logo_MH-2048x406.jpg 2048w\" sizes=\"auto, (max-width: 767px) 89vw, (max-width: 1000px) 54vw, (max-width: 1071px) 543px, 580px\" \/><\/a><\/figure>\n<\/div>\n\n\n<p><\/p>\n","protected":false},"excerpt":{"rendered":"<p>L\u2019origine pr\u00e9cise de la construction du Ch\u00e2teau de Combret n\u2019est pas document\u00e9e mais certains crit\u00e8res importants pr\u00e9valent pour expliquer la construction d\u2019un ch\u00e2teau \u00e0 cet endroit \u25b6\ufe0f Combret est b\u00e2ti en hauteur sur le rocher, en visibilit\u00e9 directe du Ch\u00e2teau de Beaucaire situ\u00e9 \u00e0 1000m \u00e0 vol d&rsquo;oiseau ; les deux ch\u00e2teaux verrouillaient ainsi \u00ab\u00a0les &hellip; <\/p>\n<p class=\"link-more\"><a href=\"https:\/\/www.chateaudecombret.fr\/index.php\/chronologie\/\" class=\"more-link\">Continuer la lecture<span class=\"screen-reader-text\"> de &laquo;&nbsp;Chronologie&nbsp;&raquo;<\/span><\/a><\/p>\n","protected":false},"author":1,"featured_media":0,"parent":0,"menu_order":0,"comment_status":"closed","ping_status":"closed","template":"","meta":{"footnotes":""},"class_list":["post-317","page","type-page","status-publish","hentry"],"_links":{"self":[{"href":"https:\/\/www.chateaudecombret.fr\/index.php\/wp-json\/wp\/v2\/pages\/317","targetHints":{"allow":["GET"]}}],"collection":[{"href":"https:\/\/www.chateaudecombret.fr\/index.php\/wp-json\/wp\/v2\/pages"}],"about":[{"href":"https:\/\/www.chateaudecombret.fr\/index.php\/wp-json\/wp\/v2\/types\/page"}],"author":[{"embeddable":true,"href":"https:\/\/www.chateaudecombret.fr\/index.php\/wp-json\/wp\/v2\/users\/1"}],"replies":[{"embeddable":true,"href":"https:\/\/www.chateaudecombret.fr\/index.php\/wp-json\/wp\/v2\/comments?post=317"}],"version-history":[{"count":175,"href":"https:\/\/www.chateaudecombret.fr\/index.php\/wp-json\/wp\/v2\/pages\/317\/revisions"}],"predecessor-version":[{"id":617,"href":"https:\/\/www.chateaudecombret.fr\/index.php\/wp-json\/wp\/v2\/pages\/317\/revisions\/617"}],"wp:attachment":[{"href":"https:\/\/www.chateaudecombret.fr\/index.php\/wp-json\/wp\/v2\/media?parent=317"}],"curies":[{"name":"wp","href":"https:\/\/api.w.org\/{rel}","templated":true}]}}